{"version":"1.0","provider_name":"Blog - The Mediam Group by Aleph","provider_url":"https:\/\/www.themediamgroup.com\/blog","author_name":"Michelle Barrera","author_url":"https:\/\/www.themediamgroup.com\/blog\/author\/michelle\/","title":"Diego Camacho Stern se suma a Mediam by Aleph como nuevo Head of Sales Power TV Latam - Blog - The Mediam Group by Aleph","type":"rich","width":600,"height":338,"html":"<blockquote class=\"wp-embedded-content\" data-secret=\"lHJKvUoVRT\"><a href=\"https:\/\/www.themediamgroup.com\/blog\/blog\/diego-camacho-stern-power-tv-by-mediam\/\">Diego Camacho Stern se suma a Mediam by Aleph como nuevo Head of Sales Power TV Latam<\/a><\/blockquote><iframe sandbox=\"allow-scripts\" security=\"restricted\" src=\"https:\/\/www.themediamgroup.com\/blog\/blog\/diego-camacho-stern-power-tv-by-mediam\/embed\/#?secret=lHJKvUoVRT\" width=\"600\" height=\"338\" title=\"\u00abDiego Camacho Stern se suma a Mediam by Aleph como nuevo Head of Sales Power TV Latam\u00bb \u2014 Blog - The Mediam Group by Aleph\" data-secret=\"lHJKvUoVRT\" frameborder=\"0\" marginwidth=\"0\" marginheight=\"0\" scrolling=\"no\" class=\"wp-embedded-content\"><\/iframe><script>\n\/*! This file is auto-generated *\/\n!function(d,l){\"use strict\";l.querySelector&&d.addEventListener&&\"undefined\"!=typeof URL&&(d.wp=d.wp||{},d.wp.receiveEmbedMessage||(d.wp.receiveEmbedMessage=function(e){var t=e.data;if((t||t.secret||t.message||t.value)&&!\/[^a-zA-Z0-9]\/.test(t.secret)){for(var s,r,n,a=l.querySelectorAll('iframe[data-secret=\"'+t.secret+'\"]'),o=l.querySelectorAll('blockquote[data-secret=\"'+t.secret+'\"]'),c=new RegExp(\"^https?:$\",\"i\"),i=0;i<o.length;i++)o[i].style.display=\"none\";for(i=0;i<a.length;i++)s=a[i],e.source===s.contentWindow&&(s.removeAttribute(\"style\"),\"height\"===t.message?(1e3<(r=parseInt(t.value,10))?r=1e3:~~r<200&&(r=200),s.height=r):\"link\"===t.message&&(r=new URL(s.getAttribute(\"src\")),n=new URL(t.value),c.test(n.protocol))&&n.host===r.host&&l.activeElement===s&&(d.top.location.href=t.value))}},d.addEventListener(\"message\",d.wp.receiveEmbedMessage,!1),l.addEventListener(\"DOMContentLoaded\",function(){for(var e,t,s=l.querySelectorAll(\"iframe.wp-embedded-content\"),r=0;r<s.length;r++)(t=(e=s[r]).getAttribute(\"data-secret\"))||(t=Math.random().toString(36).substring(2,12),e.src+=\"#?secret=\"+t,e.setAttribute(\"data-secret\",t)),e.contentWindow.postMessage({message:\"ready\",secret:t},\"*\")},!1)))}(window,document);\n<\/script>\n","thumbnail_url":"https:\/\/www.themediamgroup.com\/blog\/wp-content\/uploads\/2025\/04\/Banner_-Diego-Camacho-copia-1.webp","thumbnail_width":1200,"thumbnail_height":800,"description":"Con m\u00e1s de 14 a\u00f1os de experiencia en CPG, ecommerce y medios digitales, Diego liderar\u00e1 la estrategia comercial y el desarrollo de Power TV en la regi\u00f3n. Ciudad de M\u00e9xico, abril de 2025 \u2014 Mediam by Aleph, la compa\u00f1\u00eda l\u00edder en soluciones publicitarias en CTV en Am\u00e9rica Latina, anuncia la incorporaci\u00f3n de Diego Camacho Stern [&hellip;]"}